{"id":115,"date":"2023-02-14T15:11:56","date_gmt":"2023-02-14T14:11:56","guid":{"rendered":"https:\/\/projekte.flamal.de\/wiederhier\/?page_id=115"},"modified":"2023-03-05T17:51:37","modified_gmt":"2023-03-05T16:51:37","slug":"das-projekt","status":"publish","type":"page","link":"https:\/\/projekte.flamal.de\/wiederhier\/das-projekt\/","title":{"rendered":"Das Projekt"},"content":{"rendered":"\n<h2 class=\"wp-block-heading\">Ziel:<\/h2>\n\n\n\n<p>Produktion eines crossmedialen Hommage-Projektes an die (gl\u00fcckliche R\u00fcckkehr in die) Heimat Nordwestmecklenburg.<\/p>\n\n\n\n<p>Die beiden Projektautoren stammen urspr\u00fcnglich aus Mecklenburg, haben aber die letzten zwei Jahre in Herne im Ruhrgebiet gelebt und sind nach heftigem Heimweh und Sehnsucht nach der R\u00fcckkehr an die Ostseek\u00fcste, Seen, gr\u00fcnen Feldern (auch gelben!) und W\u00e4ldern, sauberer Luft, Ruhe und ihren erwachsenen Kindern Ende Dezember 2022 wieder nach Boiensdorf in NWM zur\u00fcckgekehrt.<\/p>\n\n\n\n<p>Das Projekt soll durch Musik (selbst komponierte und produzierte EP mit 6 Songs), eigene Fotos\/Gem\u00e4lde\/Zeichnungen\/Kurz-Videos und einem Internetauftritt die Liebe zur Heimat und das Verneigen vor der unglaublichen Sch\u00f6nheit dieses Landstriches zwischen L\u00fcbeck, Schwerin, Wismar und Rostock ausdr\u00fccken. Dabei soll auch ein wenig daran mitgewirkt werden, diesen Zustand und eine nachhaltige Entwicklung zu bef\u00f6rdern und zu bewahren, denn 6 der 7 Kinder der Autoren leben ebenfalls hier und m\u00f6chten auch gern bleiben.<\/p>\n\n\n\n<p>Der Internet-Auftritt soll Orte und Events aus den Bereichen Kunst, Kultur und Umwelt zeigen und auch anderen Akteuren aus der Region die M\u00f6glichkeit bieten, sich hier zu pr\u00e4sentieren. In einem sp\u00e4teren Schritt ist auch geplant, eine Verkaufsplattform f\u00fcr K\u00fcnstler zu schaffen.<\/p>\n\n\n\n<p>Die Musik soll professionell in Zusammenarbeit mit einem Tonstudio ver\u00f6ffentlichungs- und radiof\u00e4hig produziert werden. Es gibt bereits Kontakte zu NDR Radio MV, dessen Musikredaktion Interesse bekundet hat, diese Idee sehr spannend findet und Tipps gibt. Bei zwei Songs m\u00fcssen die Ursprungs-Rechte von den Musikautoren noch \u00fcber die Musikverlage freigegeben werden, da es sich um deutsche Neu-Bearbeitungen englischsprachiger Ver\u00f6ffentlichungen handelt. Die Anfragen laufen.<\/p>\n\n\n\n<p>Fotos und Videos m\u00fcssen teilweise noch gemacht\/gedreht und\/oder genau wie vorliegendes Archivmaterial auf jeden Fall digital aufbereitet werden. Hierzu ist umfangreiche Hard- und Software vorhanden. Frau Flauder ist gelernte Mediengestalterin, Herr Miles hat mehrere Jahre in diesem Bereich gearbeitet und war 2009 Landesmedienkompetenzpreistr\u00e4ger in MV.<\/p>\n\n\n\n<p>Nach Fertigstellung der Produktion soll versucht werden, dieses Projekt auch live zu pr\u00e4sentieren bzw. auszustellen.<\/p>\n","protected":false},"excerpt":{"rendered":"<p>Ziel: Produktion eines crossmedialen Hommage-Projektes an die (gl\u00fcckliche R\u00fcckkehr in die) Heimat Nordwestmecklenburg. Die beiden [&hellip;]<\/p>\n","protected":false},"author":1,"featured_media":0,"parent":0,"menu_order":0,"comment_status":"closed","ping_status":"closed","template":"","meta":{"_vp_format_video_url":"","_vp_image_focal_point":[],"footnotes":""},"class_list":["post-115","page","type-page","status-publish","hentry"],"_links":{"self":[{"href":"https:\/\/projekte.flamal.de\/wiederhier\/wp-json\/wp\/v2\/pages\/115","targetHints":{"allow":["GET"]}}],"collection":[{"href":"https:\/\/projekte.flamal.de\/wiederhier\/wp-json\/wp\/v2\/pages"}],"about":[{"href":"https:\/\/projekte.flamal.de\/wiederhier\/wp-json\/wp\/v2\/types\/page"}],"author":[{"embeddable":true,"href":"https:\/\/projekte.flamal.de\/wiederhier\/wp-json\/wp\/v2\/users\/1"}],"replies":[{"embeddable":true,"href":"https:\/\/projekte.flamal.de\/wiederhier\/wp-json\/wp\/v2\/comments?post=115"}],"version-history":[{"count":2,"href":"https:\/\/projekte.flamal.de\/wiederhier\/wp-json\/wp\/v2\/pages\/115\/revisions"}],"predecessor-version":[{"id":673,"href":"https:\/\/projekte.flamal.de\/wiederhier\/wp-json\/wp\/v2\/pages\/115\/revisions\/673"}],"wp:attachment":[{"href":"https:\/\/projekte.flamal.de\/wiederhier\/wp-json\/wp\/v2\/media?parent=115"}],"curies":[{"name":"wp","href":"https:\/\/api.w.org\/{rel}","templated":true}]}}